{"id":279,"date":"2021-12-08T20:38:08","date_gmt":"2021-12-08T20:38:08","guid":{"rendered":"https:\/\/bangusch.de\/?page_id=279"},"modified":"2021-12-08T21:25:01","modified_gmt":"2021-12-08T21:25:01","slug":"dsgvo","status":"publish","type":"page","link":"https:\/\/bangusch.de\/?page_id=279","title":{"rendered":"DSGVO"},"content":{"rendered":"\t\t<div data-elementor-type=\"wp-page\" data-elementor-id=\"279\" class=\"elementor elementor-279\" data-elementor-settings=\"[]\">\n\t\t\t\t\t\t\t<div class=\"elementor-section-wrap\">\n\t\t\t\t\t\t\t<section class=\"elementor-section elementor-top-section elementor-element elementor-element-4dc3ffc elementor-section-full_width elementor-section-height-min-height elementor-section-stretched elementor-section-height-default elementor-section-items-middle\" data-id=\"4dc3ffc\" data-element_type=\"section\" data-settings=\"{&quot;stretch_section&quot;:&quot;section-stretched&quot;,&quot;background_background&quot;:&quot;classic&quot;}\">\n\t\t\t\t\t\t\t<div class=\"elementor-background-overlay\"><\/div>\n\t\t\t\t\t\t\t<div class=\"elementor-container elementor-column-gap-default\">\n\t\t\t\t\t<div class=\"elementor-column elementor-col-100 elementor-top-column elementor-element elementor-element-f11a471\" data-id=\"f11a471\" data-element_type=\"column\">\n\t\t\t<div class=\"elementor-widget-wrap\">\n\t\t\t\t\t\t\t\t\t<\/div>\n\t\t<\/div>\n\t\t\t\t\t\t\t<\/div>\n\t\t<\/section>\n\t\t\t\t<section class=\"elementor-section elementor-top-section elementor-element elementor-element-3ecbbf89 elementor-section-boxed elementor-section-height-default elementor-section-height-default\" data-id=\"3ecbbf89\" data-element_type=\"section\">\n\t\t\t\t\t\t<div class=\"elementor-container elementor-column-gap-default\">\n\t\t\t\t\t<div class=\"elementor-column elementor-col-100 elementor-top-column elementor-element elementor-element-35017ebb\" data-id=\"35017ebb\" data-element_type=\"column\">\n\t\t\t<div class=\"elementor-widget-wrap elementor-element-populated\">\n\t\t\t\t\t\t\t\t<div class=\"elementor-element elementor-element-1880fabb elementor-widget elementor-widget-text-editor\" data-id=\"1880fabb\" data-element_type=\"widget\" data-widget_type=\"text-editor.default\">\n\t\t\t\t<div class=\"elementor-widget-container\">\n\t\t\t\t\t\t\t<!-- wp:heading {\"level\":1} -->\n<h1>Datenschutzerkl\u00e4rung<\/h1>\n<!-- \/wp:heading -->\n\n<!-- wp:paragraph -->\n<p>Verantwortlicher im Sinne der Datenschutzgesetze, insbesondere der EU-Datenschutzgrundverordnung (DSGVO), ist:<\/p>\n<!-- \/wp:paragraph -->\n\n<!-- wp:paragraph -->\n<p>Onur Bangus<\/p>\n<!-- \/wp:paragraph -->\n\n<!-- wp:heading -->\n<h2>Ihre Betroffenenrechte<\/h2>\n<!-- \/wp:heading -->\n\n<!-- wp:paragraph -->\n<p>Unter den angegebenen Kontaktdaten unseres Datenschutzbeauftragten k\u00f6nnen Sie jederzeit folgende Rechte aus\u00fcben:<\/p>\n<!-- \/wp:paragraph -->\n\n<!-- wp:list -->\n<ul><li>Auskunft \u00fcber Ihre bei uns gespeicherten Daten und deren Verarbeitung (Art. 15 DSGVO),<\/li><li>Berichtigung unrichtiger personenbezogener Daten (Art. 16 DSGVO),<\/li><li>L\u00f6schung Ihrer bei uns gespeicherten Daten (Art. 17 DSGVO),<\/li><li>Einschr\u00e4nkung der Datenverarbeitung, sofern wir Ihre Daten aufgrund gesetzlicher Pflichten noch nicht l\u00f6schen d\u00fcrfen (Art. 18 DSGVO),<\/li><li>Widerspruch gegen die Verarbeitung Ihrer Daten bei uns (Art. 21 DSGVO) und<\/li><li>Daten\u00fcbertragbarkeit, sofern Sie in die Datenverarbeitung eingewilligt haben oder einen Vertrag mit uns abgeschlossen haben (Art. 20 DSGVO).<\/li><\/ul>\n<!-- \/wp:list -->\n\n<!-- wp:paragraph -->\n<p>Sofern Sie uns eine Einwilligung erteilt haben, k\u00f6nnen Sie diese jederzeit mit Wirkung f\u00fcr die Zukunft widerrufen.<\/p>\n<!-- \/wp:paragraph -->\n\n<!-- wp:paragraph -->\n<p>Sie k\u00f6nnen sich jederzeit mit einer Beschwerde an eine Aufsichtsbeh\u00f6rde wenden, z. B. an die zust\u00e4ndige Aufsichtsbeh\u00f6rde des Bundeslands Ihres Wohnsitzes oder an die f\u00fcr uns als verantwortliche Stelle zust\u00e4ndige Beh\u00f6rde.<\/p>\n<!-- \/wp:paragraph -->\n\n<!-- wp:paragraph -->\n<p>Eine Liste der Aufsichtsbeh\u00f6rden (f\u00fcr den nicht\u00f6ffentlichen Bereich) mit Anschrift finden Sie unter: <a href=\"https:\/\/www.bfdi.bund.de\/DE\/Service\/Anschriften\/Laender\/Laender-node.html\" target=\"_blank\" rel=\"noreferrer noopener\">https:\/\/www.bfdi.bund.de\/DE\/Service\/Anschriften\/Laender\/Laender-node.html<\/a>.<\/p>\n<!-- \/wp:paragraph -->\n\n<!-- wp:heading -->\n<h2>Cookies<\/h2>\n<!-- \/wp:heading -->\n\n<!-- wp:paragraph -->\n<p>Wie viele andere Webseiten verwenden wir auch so genannte \u201eCookies\u201c. Bei Cookies handelt es sich um kleine Textdateien, die auf Ihrem Endger\u00e4t (Laptop, Tablet, Smartphone o.\u00e4.) gespeichert werden, wenn Sie unsere Webseite besuchen.<\/p>\n<!-- \/wp:paragraph -->\n\n<!-- wp:paragraph -->\n<p>Sie k\u00f6nnen Sie einzelne Cookies oder den gesamten Cookie-Bestand l\u00f6schen. Dar\u00fcber hinaus erhalten Sie Informationen und Anleitungen, wie diese Cookies gel\u00f6scht oder deren Speicherung vorab blockiert werden k\u00f6nnen. Je nach Anbieter Ihres Browsers finden Sie die notwendigen Informationen unter den nachfolgenden Links:<\/p>\n<!-- \/wp:paragraph -->\n\n<!-- wp:list -->\n<ul><li>Mozilla Firefox: <a href=\"https:\/\/support.mozilla.org\/de\/kb\/cookies-loeschen-daten-von-websites-entfernen\" target=\"_blank\" rel=\"noreferrer noopener\">https:\/\/support.mozilla.org\/de\/kb\/cookies-loeschen-daten-von-websites-entfernen<\/a><\/li><li>Internet Explorer: <a href=\"https:\/\/support.microsoft.com\/de-de\/help\/17442\/windows-internet-explorer-delete-manage-cookies\" target=\"_blank\" rel=\"noreferrer noopener\">https:\/\/support.microsoft.com\/de-de\/help\/17442\/windows-internet-explorer-delete-manage-cookies<\/a><\/li><li>Google Chrome: <a href=\"https:\/\/support.google.com\/accounts\/answer\/61416?hl=de\" target=\"_blank\" rel=\"noreferrer noopener\">https:\/\/support.google.com\/accounts\/answer\/61416?hl=de<\/a><\/li><li>Opera: <a href=\"http:\/\/www.opera.com\/de\/help\" target=\"_blank\" rel=\"noreferrer noopener\">http:\/\/www.opera.com\/de\/help<\/a><\/li><li>Safari: <a href=\"https:\/\/support.apple.com\/kb\/PH17191?locale=de_DE&amp;viewlocale=de_DE\" target=\"_blank\" rel=\"noreferrer noopener\">https:\/\/support.apple.com\/kb\/PH17191?locale=de_DE&amp;viewlocale=de_DE<\/a><\/li><\/ul>\n<!-- \/wp:list -->\n\n<!-- wp:heading {\"level\":3} -->\n<h3>Speicherdauer und eingesetzte Cookies:<\/h3>\n<!-- \/wp:heading -->\n\n<!-- wp:paragraph -->\n<p>Soweit Sie uns durch Ihre Browsereinstellungen oder Zustimmung die Verwendung von Cookies erlauben, k\u00f6nnen folgende Cookies auf unseren Webseiten zum Einsatz kommen:<\/p>\n<!-- \/wp:paragraph -->\n\n<!-- wp:heading -->\n<h2>Technisch notwendige Cookies<\/h2>\n<!-- \/wp:heading -->\n\n<!-- wp:heading {\"level\":3} -->\n<h3>Art und Zweck der Verarbeitung:<\/h3>\n<!-- \/wp:heading -->\n\n<!-- wp:paragraph -->\n<p>Wir setzen Cookies ein, um unsere Website nutzerfreundlicher zu gestalten. Einige Elemente unserer Internetseite erfordern es, dass der aufrufende Browser auch nach einem Seitenwechsel identifiziert werden kann.<\/p>\n<!-- \/wp:paragraph -->\n\n<!-- wp:paragraph -->\n<p>Der Zweck der Verwendung technisch notwendiger Cookies ist, die Nutzung von Websites f\u00fcr die Nutzer zu vereinfachen. Einige Funktionen unserer Internetseite k\u00f6nnen ohne den Einsatz von Cookies nicht angeboten werden. F\u00fcr diese ist es erforderlich, dass der Browser auch nach einem Seitenwechsel wiedererkannt wird.<\/p>\n<!-- \/wp:paragraph -->\n\n<!-- wp:paragraph -->\n<p>F\u00fcr folgende Anwendungen ben\u00f6tigen wir Cookies:<\/p>\n<!-- \/wp:paragraph -->\n\n<!-- wp:heading {\"level\":3} -->\n<h3>Rechtsgrundlage und berechtigtes Interesse:<\/h3>\n<!-- \/wp:heading -->\n\n<!-- wp:paragraph -->\n<p>Die Verarbeitung erfolgt gem\u00e4\u00df Art. 6 Abs. 1 lit. f DSGVO auf Basis unseres berechtigten Interesses an einer nutzerfreundlichen Gestaltung unserer Website.<\/p>\n<!-- \/wp:paragraph -->\n\n<!-- wp:heading {\"level\":3} -->\n<h3>Empf\u00e4nger:<\/h3>\n<!-- \/wp:heading -->\n\n<!-- wp:paragraph -->\n<p>Empf\u00e4nger der Daten sind ggf. technische Dienstleister, die f\u00fcr den Betrieb und die Wartung unserer Website als Auftragsverarbeiter t\u00e4tig werden.<\/p>\n<!-- \/wp:paragraph -->\n\n<!-- wp:heading {\"level\":3} -->\n<h3>Bereitstellung vorgeschrieben oder erforderlich:<\/h3>\n<!-- \/wp:heading -->\n\n<!-- wp:paragraph -->\n<p>Die Bereitstellung der vorgenannten personenbezogenen Daten ist weder gesetzlich noch vertraglich vorgeschrieben. Ohne diese Daten ist jedoch der Dienst und die Funktionsf\u00e4higkeit unserer Website nicht gew\u00e4hrleistet. Zudem k\u00f6nnen einzelne Dienste und Services nicht verf\u00fcgbar oder eingeschr\u00e4nkt sein.<\/p>\n<!-- \/wp:paragraph -->\n\n<!-- wp:heading {\"level\":3} -->\n<h3>Widerspruch<\/h3>\n<!-- \/wp:heading -->\n\n<!-- wp:paragraph -->\n<p>Lesen Sie dazu die Informationen \u00fcber Ihr Widerspruchsrecht nach Art. 21 DSGVO weiter unten.<\/p>\n<!-- \/wp:paragraph -->\n\n<!-- wp:heading -->\n<h2>Kommentarfunktion<\/h2>\n<!-- \/wp:heading -->\n\n<!-- wp:heading {\"level\":3} -->\n<h3>Art und Zweck der Verarbeitung:<\/h3>\n<!-- \/wp:heading -->\n\n<!-- wp:paragraph -->\n<p>Wenn Nutzer Kommentare auf unserer Website hinterlassen, werden neben diesen Angaben auch der Zeitpunkt ihrer Erstellung und der zuvor durch den Websitebesucher gew\u00e4hlte Nutzername gespeichert. Dies dient unserer Sicherheit, da wir f\u00fcr widerrechtliche Inhalte auf unserer Webseite belangt werden k\u00f6nnen, auch wenn diese durch Benutzer erstellt wurden.<\/p>\n<!-- \/wp:paragraph -->\n\n<!-- wp:heading {\"level\":3} -->\n<h3>Rechtsgrundlage:<\/h3>\n<!-- \/wp:heading -->\n\n<!-- wp:paragraph -->\n<p>Die Verarbeitung der als Kommentar eingegebenen Daten erfolgt auf der Grundlage eines berechtigten Interesses (Art. 6 Abs. 1 lit. f DSGVO).<\/p>\n<!-- \/wp:paragraph -->\n\n<!-- wp:paragraph -->\n<p>Durch Bereitstellung der Kommentarfunktion m\u00f6chten wir Ihnen eine unkomplizierte Interaktion erm\u00f6glichen. Ihre gemachten Angaben werden zum Zwecke der Bearbeitung der Anfrage sowie f\u00fcr m\u00f6gliche Anschlussfragen gespeichert.<\/p>\n<!-- \/wp:paragraph -->\n\n<!-- wp:heading {\"level\":3} -->\n<h3>Empf\u00e4nger:<\/h3>\n<!-- \/wp:heading -->\n\n<!-- wp:paragraph -->\n<p>Empf\u00e4nger der Daten sind ggf. Auftragsverarbeiter.<\/p>\n<!-- \/wp:paragraph -->\n\n<!-- wp:heading {\"level\":3} -->\n<h3>Speicherdauer:<\/h3>\n<!-- \/wp:heading -->\n\n<!-- wp:paragraph -->\n<p>Die Daten werden gel\u00f6scht, sobald diese f\u00fcr den Zweck der Erhebung nicht mehr erforderlich sind. Dies ist grunds\u00e4tzlich der Fall, wenn die Kommunikation mit dem Nutzer abgeschlossen ist und das Unternehmen den Umst\u00e4nden entnehmen kann, dass der betroffene Sachverhalt abschlie\u00dfend gekl\u00e4rt ist. Wir behalten uns die L\u00f6schung ohne Angaben von Gr\u00fcnden und ohne vorherige oder nachtr\u00e4gliche Information vor.<\/p>\n<!-- \/wp:paragraph -->\n\n<!-- wp:paragraph -->\n<p>Au\u00dferdem k\u00f6nnen Sie Ihren Kommentar jederzeit durch uns l\u00f6schen lassen. Schreiben Sie daf\u00fcr bitte eine E-Mail an den unten aufgef\u00fchrten Datenschutzbeauftragten bzw. die f\u00fcr den Datenschutz zust\u00e4ndige Person und \u00fcbermitteln den Link zu Ihrem Kommentar sowie zu Identifikationszwecken die bei der Erstellung des Kommentars verwendete E-Mail-Adresse.<\/p>\n<!-- \/wp:paragraph -->\n\n<!-- wp:heading {\"level\":3} -->\n<h3>Bereitstellung vorgeschrieben oder erforderlich:<\/h3>\n<!-- \/wp:heading -->\n\n<!-- wp:paragraph -->\n<p>Die Bereitstellung Ihrer personenbezogenen Daten erfolgt freiwillig. Ohne die Bereitstellung Ihrer personenbezogenen Daten k\u00f6nnen wir Ihnen keinen Zugang zu unserer Kommentarfunktion gew\u00e4hren.<\/p>\n<!-- \/wp:paragraph -->\n\n<!-- wp:heading -->\n<h2>Kontaktformular<\/h2>\n<!-- \/wp:heading -->\n\n<!-- wp:heading {\"level\":3} -->\n<h3>Art und Zweck der Verarbeitung:<\/h3>\n<!-- \/wp:heading -->\n\n<!-- wp:paragraph -->\n<p>Die von Ihnen eingegebenen Daten werden zum Zweck der individuellen Kommunikation mit Ihnen gespeichert. Hierf\u00fcr ist die Angabe einer validen E-Mail-Adresse sowie Ihres Namens erforderlich. Diese dient der Zuordnung der Anfrage und der anschlie\u00dfenden Beantwortung derselben. Die Angabe weiterer Daten ist optional.<\/p>\n<!-- \/wp:paragraph -->\n\n<!-- wp:heading {\"level\":3} -->\n<h3>Rechtsgrundlage:<\/h3>\n<!-- \/wp:heading -->\n\n<!-- wp:paragraph -->\n<p>Die Verarbeitung der in das Kontaktformular eingegebenen Daten erfolgt auf der Grundlage eines berechtigten Interesses (Art. 6 Abs. 1 lit. f DSGVO).<\/p>\n<!-- \/wp:paragraph -->\n\n<!-- wp:paragraph -->\n<p>Durch Bereitstellung des Kontaktformulars m\u00f6chten wir Ihnen eine unkomplizierte Kontaktaufnahme erm\u00f6glichen. Ihre gemachten Angaben werden zum Zwecke der Bearbeitung der Anfrage sowie f\u00fcr m\u00f6gliche Anschlussfragen gespeichert.<\/p>\n<!-- \/wp:paragraph -->\n\n<!-- wp:paragraph -->\n<p>Sofern Sie mit uns Kontakt aufnehmen, um ein Angebot zu erfragen, erfolgt die Verarbeitung der in das Kontaktformular eingegebenen Daten zur Durchf\u00fchrung vorvertraglicher Ma\u00dfnahmen (Art. 6 Abs. 1 lit. b DSGVO).<\/p>\n<!-- \/wp:paragraph -->\n\n<!-- wp:heading {\"level\":3} -->\n<h3>Empf\u00e4nger:<\/h3>\n<!-- \/wp:heading -->\n\n<!-- wp:paragraph -->\n<p>Empf\u00e4nger der Daten sind ggf. Auftragsverarbeiter.<\/p>\n<!-- \/wp:paragraph -->\n\n<!-- wp:heading {\"level\":3} -->\n<h3>Drittlandtransfer:<\/h3>\n<!-- \/wp:heading -->\n\n<!-- wp:paragraph -->\n<p>Die erhobenen Daten werden ggfs. in folgende Drittl\u00e4nder \u00fcbertragen:<\/p>\n<!-- \/wp:paragraph -->\n\n<!-- wp:paragraph -->\n<p>NEIN<\/p>\n<!-- \/wp:paragraph -->\n\n<!-- wp:paragraph -->\n<p>Folgende Datenschutzgarantien liegen vor:<\/p>\n<!-- \/wp:paragraph -->\n\n<!-- wp:heading {\"level\":3} -->\n<h3>Speicherdauer:<\/h3>\n<!-- \/wp:heading -->\n\n<!-- wp:paragraph -->\n<p>Daten werden sp\u00e4testens 6 Monate nach Bearbeitung der Anfrage gel\u00f6scht.<\/p>\n<!-- \/wp:paragraph -->\n\n<!-- wp:paragraph -->\n<p>Sofern es zu einem Vertragsverh\u00e4ltnis kommt, unterliegen wir den gesetzlichen Aufbewahrungsfristen nach HGB und l\u00f6schen Ihre Daten nach Ablauf dieser Fristen.<\/p>\n<!-- \/wp:paragraph -->\n\n<!-- wp:heading {\"level\":3} -->\n<h3>Bereitstellung vorgeschrieben oder erforderlich:<\/h3>\n<!-- \/wp:heading -->\n\n<!-- wp:paragraph -->\n<p>Die Bereitstellung Ihrer personenbezogenen Daten erfolgt freiwillig. Wir k\u00f6nnen Ihre Anfrage jedoch nur bearbeiten, sofern Sie uns Ihren Namen, Ihre E-Mail-Adresse und den Grund der Anfrage mitteilen.<\/p>\n<!-- \/wp:paragraph -->\n\n<!-- wp:heading -->\n<h2>Verwendung von Scriptbibliotheken (Google Webfonts)<\/h2>\n<!-- \/wp:heading -->\n\n<!-- wp:paragraph -->\n<p>Um unsere Inhalte browser\u00fcbergreifend korrekt und grafisch ansprechend darzustellen, verwenden wir auf dieser Website \u201eGoogle Web Fonts\u201c der Google LLC (1600 Amphitheatre Parkway, Mountain View, CA 94043, USA; nachfolgend \u201eGoogle\u201c) zur Darstellung von Schriften.<\/p>\n<!-- \/wp:paragraph -->\n\n<!-- wp:paragraph -->\n<p>Weitere Informationen zu Google Web Fonts finden Sie unter <a href=\"https:\/\/developers.google.com\/fonts\/faq\" rel=\"noreferrer noopener\" target=\"_blank\">https:\/\/developers.google.com\/fonts\/faq<\/a> und in der Datenschutzerkl\u00e4rung von Google: <a href=\"https:\/\/www.google.com\/policies\/privacy\/\" rel=\"noreferrer noopener\" target=\"_blank\">https:\/\/www.google.com\/policies\/privacy\/<\/a>.<\/p>\n<!-- \/wp:paragraph -->\n\n<!-- wp:heading -->\n<h2>Verwendung von Typekit-Webschriftarten von Adobe Fonts<\/h2>\n<!-- \/wp:heading -->\n\n<!-- wp:paragraph -->\n<p>Wir setzen Typekit-Webschriftarten von Adobe Fonts zur visuellen Gestaltung unserer Website ein. Adobe Fonts ist ein Dienst der Adobe Systems Software Ireland Companies (4-6 Riverwalk, Citywest Business Campus, Dublin 24, Republic of Ireland; nachfolgend \u201eAdobe\u201c), der uns den Zugriff auf eine Schriftartenbibliothek gew\u00e4hrt.<\/p>\n<!-- \/wp:paragraph -->\n\n<!-- wp:paragraph -->\n<p>Zur Einbindung der von uns benutzten Schriftarten muss Ihr Browser eine Verbindung zu einem Server von Adobe in den USA aufbauen und die f\u00fcr unsere Website ben\u00f6tigte Schriftart herunterladen. Adobe erh\u00e4lt hierdurch die Information, dass von Ihrer IP-Adresse unsere Website aufgerufen wurde.<\/p>\n<!-- \/wp:paragraph -->\n\n<!-- wp:paragraph -->\n<p>Weitere Informationen zu Adobe Fonts finden Sie in den Datenschutzhinweisen von Adobe Fonts, die Sie hier abrufen k\u00f6nnen: <a href=\"https:\/\/www.adobe.com\/de\/privacy\/policies\/adobe-fonts.html\" rel=\"noreferrer noopener\" target=\"_blank\">https:\/\/www.adobe.com\/de\/privacy\/policies\/adobe-fonts.html<\/a><\/p>\n<!-- \/wp:paragraph -->\n\n<!-- wp:paragraph -->\n<p>Wenn Ihr Browser Web Fonts nicht unterst\u00fctzt, oder Sie Ihre Einwilligung nicht erteilen, wird eine Standardschrift von Ihrem Computer genutzt.<\/p>\n<!-- \/wp:paragraph -->\n\n<!-- wp:heading {\"level\":3} -->\n<h3>Widerruf der Einwilligung:<\/h3>\n<!-- \/wp:heading -->\n\n<!-- wp:paragraph -->\n<p>Vom Anbieter wird derzeit keine M\u00f6glichkeit f\u00fcr einen einfachen Opt-out oder ein Blockieren der Daten\u00fcbertragung angeboten. Wenn Sie eine Nachverfolgung Ihrer Aktivit\u00e4ten auf unserer Website verhindern wollen, widerrufen Sie bitte im Cookie-Consent-Tool Ihre Einwilligung f\u00fcr die entsprechende Cookie-Kategorie oder alle technisch nicht notwendigen Cookies und Daten\u00fcbertragungen. In diesem Fall k\u00f6nnen Sie unsere Website jedoch ggfs. nicht oder nur eingeschr\u00e4nkt nutzen.<\/p>\n<!-- \/wp:paragraph -->\n\n<!-- wp:heading -->\n<h2>Verwendung von Google Maps<\/h2>\n<!-- \/wp:heading -->\n\n<!-- wp:paragraph -->\n<p>Auf dieser Website nutzen wir das Angebot von Google Maps. Google Maps wird von Google LLC, 1600 Amphitheatre Parkway, Mountain View, CA 94043, USA (nachfolgend \u201eGoogle\u201c) betrieben. Dadurch k\u00f6nnen wir Ihnen interaktive Karten direkt in der Webseite anzeigen und erm\u00f6glichen Ihnen die komfortable Nutzung der Karten-Funktion.<br>N\u00e4here Informationen \u00fcber die Datenverarbeitung durch Google k\u00f6nnen Sie den Google-Datenschutzhinweisen entnehmen: <a href=\"https:\/\/policies.google.com\/privacy\" rel=\"noreferrer noopener\" target=\"_blank\">https:\/\/policies.google.com\/privacy<\/a>. Dort k\u00f6nnen Sie im Datenschutzcenter auch Ihre pers\u00f6nlichen Datenschutz-Einstellungen ver\u00e4ndern.<\/p>\n<!-- \/wp:paragraph -->\n\n<!-- wp:paragraph -->\n<p>Ausf\u00fchrliche Anleitungen zur Verwaltung der eigenen Daten im Zusammenhang mit Google-Produkten finden Sie hier: <a href=\"https:\/\/www.dataliberation.org\/\" rel=\"noreferrer noopener\" target=\"_blank\">https:\/\/www.dataliberation.org<\/a><\/p>\n<!-- \/wp:paragraph -->\n\n<!-- wp:paragraph -->\n<p>Durch den Besuch der Website erh\u00e4lt Google Informationen, dass Sie die entsprechende Unterseite unserer Webseite aufgerufen haben. Dies erfolgt unabh\u00e4ngig davon, ob Google ein Nutzerkonto bereitstellt, \u00fcber das Sie eingeloggt sind, oder ob keine Nutzerkonto besteht. Wenn Sie bei Google eingeloggt sind, werden Ihre Daten direkt Ihrem Konto zugeordnet.<\/p>\n<!-- \/wp:paragraph -->\n\n<!-- wp:paragraph -->\n<p>Wenn Sie die Zuordnung in Ihrem Profil bei Google nicht w\u00fcnschen, m\u00fcssen Sie sich vor Aktivierung des Buttons bei Google ausloggen. Google speichert Ihre Daten als Nutzungsprofile und nutzt sie f\u00fcr Zwecke der Werbung, Marktforschung und\/oder bedarfsgerechter Gestaltung seiner Websites. Eine solche Auswertung erfolgt insbesondere (selbst f\u00fcr nicht eingeloggte Nutzer) zur Erbringung bedarfsgerechter Werbung und um andere Nutzer des sozialen Netzwerks \u00fcber Ihre Aktivit\u00e4ten auf unserer Website zu informieren. Ihnen steht ein Widerspruchsrecht zu gegen die Bildung dieser Nutzerprofile, wobei Sie sich zur Aus\u00fcbung dessen an Google richten m\u00fcssen.<\/p>\n<!-- \/wp:paragraph -->\n\n<!-- wp:heading {\"level\":3} -->\n<h3>Widerruf der Einwilligung:<\/h3>\n<!-- \/wp:heading -->\n\n<!-- wp:paragraph -->\n<p>Vom Anbieter wird derzeit keine M\u00f6glichkeit f\u00fcr einen einfachen Opt-out oder ein Blockieren der Daten\u00fcbertragung angeboten. Wenn Sie eine Nachverfolgung Ihrer Aktivit\u00e4ten auf unserer Website verhindern wollen, widerrufen Sie bitte im Cookie-Consent-Tool Ihre Einwilligung f\u00fcr die entsprechende Cookie-Kategorie oder alle technisch nicht notwendigen Cookies und Daten\u00fcbertragungen. In diesem Fall k\u00f6nnen Sie unsere Website jedoch ggfs. nicht oder nur eingeschr\u00e4nkt nutzen.<\/p>\n<!-- \/wp:paragraph -->\n\n<!-- wp:heading -->\n<h2>Eingebettete YouTube-Videos<\/h2>\n<!-- \/wp:heading -->\n\n<!-- wp:paragraph -->\n<p>Auf unserer Website betten wir YouTube-Videos ein. Betreiber der entsprechenden Plugins ist die YouTube, LLC, 901 Cherry Ave., San Bruno, CA 94066, USA (nachfolgend \u201eYouTube\u201c). Die YouTube, LLC ist einer Tochtergesellschaft der Google LLC, 1600 Amphitheatre Pkwy, Mountain View, CA 94043, USA (nachfolgend \u201eGoogle\u201c). Wenn Sie eine Seite mit dem YouTube-Plugin besuchen, wird eine Verbindung zu Servern von YouTube hergestellt. Dabei wird YouTube mitgeteilt, welche Seiten Sie besuchen. Wenn Sie in Ihrem YouTube-Account eingeloggt sind, kann YouTube Ihr Surfverhalten Ihnen pers\u00f6nlich zuzuordnen. Dies verhindern Sie, indem Sie sich vorher aus Ihrem YouTube-Account ausloggen.<\/p>\n<!-- \/wp:paragraph -->\n\n<!-- wp:paragraph -->\n<p>Wird ein YouTube-Video gestartet, setzt der Anbieter Cookies ein, die Hinweise \u00fcber das Nutzerverhalten sammeln.<\/p>\n<!-- \/wp:paragraph -->\n\n<!-- wp:paragraph -->\n<p>Weitere Informationen zu Zweck und Umfang der Datenerhebung und ihrer Verarbeitung durch YouTube erhalten Sie in den Datenschutzerkl\u00e4rungen des Anbieters, Dort erhalten Sie auch weitere Informationen zu Ihren diesbez\u00fcglichen Rechten und Einstellungsm\u00f6glichkeiten zum Schutze Ihrer Privatsph\u00e4re (<a href=\"https:\/\/policies.google.com\/privacy\">https:\/\/policies.google.com\/privacy<\/a>).<\/p>\n<!-- \/wp:paragraph -->\n\n<!-- wp:heading {\"level\":3} -->\n<h3>Widerruf der Einwilligung:<\/h3>\n<!-- \/wp:heading -->\n\n<!-- wp:paragraph -->\n<p>Vom Anbieter wird derzeit keine M\u00f6glichkeit f\u00fcr einen einfachen Opt-out oder ein Blockieren der Daten\u00fcbertragung angeboten. Wenn Sie eine Nachverfolgung Ihrer Aktivit\u00e4ten auf unserer Website verhindern wollen, widerrufen Sie bitte im Cookie-Consent-Tool Ihre Einwilligung f\u00fcr die entsprechende Cookie-Kategorie oder alle technisch nicht notwendigen Cookies und Daten\u00fcbertragungen. In diesem Fall k\u00f6nnen Sie unsere Website jedoch ggfs. nicht oder nur eingeschr\u00e4nkt nutzen.<\/p>\n<!-- \/wp:paragraph -->\n\n<!-- wp:heading -->\n<h2>SSL-Verschl\u00fcsselung<\/h2>\n<!-- \/wp:heading -->\n\n<!-- wp:paragraph -->\n<p>Um die Sicherheit Ihrer Daten bei der \u00dcbertragung zu sch\u00fctzen, verwenden wir dem aktuellen Stand der Technik entsprechende Verschl\u00fcsselungsverfahren (z. B. SSL) \u00fcber HTTPS.<\/p>\n<!-- \/wp:paragraph -->\n\n<!-- wp:separator -->\n<hr class=\"wp-block-separator\"\/>\n<!-- \/wp:separator -->\n\n<!-- wp:heading -->\n<h2>Information \u00fcber Ihr Widerspruchsrecht nach Art. 21 DSGVO<\/h2>\n<!-- \/wp:heading -->\n\n<!-- wp:heading {\"level\":3} -->\n<h3>Einzelfallbezogenes Widerspruchsrecht<\/h3>\n<!-- \/wp:heading -->\n\n<!-- wp:paragraph -->\n<p>Sie haben das Recht, aus Gr\u00fcnden, die sich aus Ihrer besonderen Situation ergeben, jederzeit gegen die Verarbeitung Sie betreffender personenbezogener Daten, die aufgrund Art. 6 Abs. 1 lit. f DSGVO (Datenverarbeitung auf der Grundlage einer Interessenabw\u00e4gung) erfolgt, Widerspruch einzulegen; dies gilt auch f\u00fcr ein auf diese Bestimmung gest\u00fctztes Profiling im Sinne von Art. 4 Nr. 4 DSGVO.<\/p>\n<!-- \/wp:paragraph -->\n\n<!-- wp:paragraph -->\n<p>Legen Sie Widerspruch ein, werden wir Ihre personenbezogenen Daten nicht mehr verarbeiten, es sei denn, wir k\u00f6nnen zwingende schutzw\u00fcrdige Gr\u00fcnde f\u00fcr die Verarbeitung nachweisen, die Ihre Interessen, Rechte und Freiheiten \u00fcberwiegen, oder die Verarbeitung dient der Geltendmachung, Aus\u00fcbung oder Verteidigung von Rechtsanspr\u00fcchen.<\/p>\n<!-- \/wp:paragraph -->\n\n<!-- wp:heading {\"level\":3} -->\n<h3>Empf\u00e4nger eines Widerspruchs<\/h3>\n<!-- \/wp:heading -->\n\n<!-- wp:paragraph -->\n<p>Bangusch GmbH<\/p>\n<!-- \/wp:paragraph -->\n\n<!-- wp:separator -->\n<hr class=\"wp-block-separator\"\/>\n<!-- \/wp:separator -->\n\n<!-- wp:heading -->\n<h2>\u00c4nderung unserer Datenschutzbestimmungen<\/h2>\n<!-- \/wp:heading -->\n\n<!-- wp:paragraph -->\n<p>Wir behalten uns vor, diese Datenschutzerkl\u00e4rung anzupassen, damit sie stets den aktuellen rechtlichen Anforderungen entspricht oder um \u00c4nderungen unserer Leistungen in der Datenschutzerkl\u00e4rung umzusetzen, z.B. bei der Einf\u00fchrung neuer Services. F\u00fcr Ihren erneuten Besuch gilt dann die neue Datenschutzerkl\u00e4rung.<\/p>\n<!-- \/wp:paragraph -->\n\n<!-- wp:heading -->\n<h2>Fragen an den Datenschutzbeauftragten<\/h2>\n<!-- \/wp:heading -->\n\n<!-- wp:paragraph -->\n<p>Wenn Sie Fragen zum Datenschutz haben, schreiben Sie uns bitte eine E-Mail oder wenden Sie sich direkt an die f\u00fcr den Datenschutz verantwortliche Person in unserer Organisation:<\/p>\n<!-- \/wp:paragraph -->\n\n<!-- wp:paragraph -->\n<p>Onur Bangus<\/p>\n<!-- \/wp:paragraph -->\n\n<!-- wp:paragraph -->\n<p><em>Die Datenschutzerkl\u00e4rung wurde mithilfe der activeMind AG erstellt, den Experten f\u00fcr <a href=\"https:\/\/www.activemind.de\/datenschutz\/datenschutzbeauftragter\/\" target=\"_blank\" rel=\"noreferrer noopener\">externe Datenschutzbeauftragte<\/a> (Version #2020-09-30).<\/em><\/p>\n<!-- \/wp:paragraph -->\t\t\t\t\t\t<\/div>\n\t\t\t\t<\/div>\n\t\t\t\t\t<\/div>\n\t\t<\/div>\n\t\t\t\t\t\t\t<\/div>\n\t\t<\/section>\n\t\t\t\t\t\t<\/div>\n\t\t\t\t\t<\/div>\n\t\t","protected":false},"excerpt":{"rendered":"<p>Datenschutzerkl\u00e4rung Verantwortlicher im Sinne der Datenschutzgesetze, insbesondere der EU-Datenschutzgrundverordnung (DSGVO), ist: Onur Bangus Ihre Betroffenenrechte Unter den angegebenen Kontaktdaten unseres Datenschutzbeauftragten k\u00f6nnen Sie jederzeit folgende Rechte aus\u00fcben: Auskunft \u00fcber Ihre bei uns gespeicherten Daten und deren Verarbeitung (Art. 15 DSGVO), Berichtigung unrichtiger personenbezogener Daten (Art. 16 DSGVO), L\u00f6schung Ihrer bei uns gespeicherten Daten (Art. 17 [&hellip;]<\/p>\n","protected":false},"author":1,"featured_media":0,"parent":0,"menu_order":0,"comment_status":"closed","ping_status":"closed","template":"","meta":{"footnotes":""},"class_list":["post-279","page","type-page","status-publish","hentry","entry"],"_links":{"self":[{"href":"https:\/\/bangusch.de\/index.php?rest_route=\/wp\/v2\/pages\/279"}],"collection":[{"href":"https:\/\/bangusch.de\/index.php?rest_route=\/wp\/v2\/pages"}],"about":[{"href":"https:\/\/bangusch.de\/index.php?rest_route=\/wp\/v2\/types\/page"}],"author":[{"embeddable":true,"href":"https:\/\/bangusch.de\/index.php?rest_route=\/wp\/v2\/users\/1"}],"replies":[{"embeddable":true,"href":"https:\/\/bangusch.de\/index.php?rest_route=%2Fwp%2Fv2%2Fcomments&post=279"}],"version-history":[{"count":5,"href":"https:\/\/bangusch.de\/index.php?rest_route=\/wp\/v2\/pages\/279\/revisions"}],"predecessor-version":[{"id":298,"href":"https:\/\/bangusch.de\/index.php?rest_route=\/wp\/v2\/pages\/279\/revisions\/298"}],"wp:attachment":[{"href":"https:\/\/bangusch.de\/index.php?rest_route=%2Fwp%2Fv2%2Fmedia&parent=279"}],"curies":[{"name":"wp","href":"https:\/\/api.w.org\/{rel}","templated":true}]}}